{"id":2730,"date":"2023-04-14T21:06:49","date_gmt":"2023-04-14T19:06:49","guid":{"rendered":"https:\/\/festivalbarruguet.com\/?page_id=2730"},"modified":"2025-01-18T18:36:02","modified_gmt":"2025-01-18T16:36:02","slug":"inici-copy","status":"publish","type":"page","link":"https:\/\/festivalbarruguet.com\/ca\/inici-copy\/","title":{"rendered":"Preparant 2023"},"content":{"rendered":"\n<a href=\"\/pdf\/programa-2022\" target=\"_blank\" itemprop=\"url\" rel=\"noopener\">\n\t\t\t\t\t\t\t\t\t<img loading=\"lazy\" decoding=\"async\" src=\"https:\/\/festivalbarruguet.com\/wp-content\/uploads\/2022\/03\/0001_Capa-1.png\" alt=\"_0001_Capa-1\" itemprop=\"image\" height=\"186\" width=\"225\" title=\"_0001_Capa-1\" onerror=\"this.style.display='none'\">\n\t\t\t\t\t\t\t\t\t\t\t\t\t<\/a>\n\t<p><a href=\"\/pdf\/programa-2022\" target=\"_blank\" rel=\"noopener\">PROGRAMA 2023<\/a><\/p>\n\t\t\t\t\t\t\t\t<a href=\"\/pdf\/programa-abreviat-2022\" target=\"_blank\" itemprop=\"url\" rel=\"noopener\">\n\t\t\t\t\t\t\t\t\t<img loading=\"lazy\" decoding=\"async\" src=\"https:\/\/festivalbarruguet.com\/wp-content\/uploads\/2022\/03\/0001_Capa-1.png\" alt=\"_0001_Capa-1\" itemprop=\"image\" height=\"186\" width=\"225\" title=\"_0001_Capa-1\" onerror=\"this.style.display='none'\">\n\t\t\t\t\t\t\t\t\t\t\t\t\t<\/a>\n\t<p><a href=\"\/pdf\/programa-abreviat-2023\" target=\"_blank\" rel=\"noopener\">PROGRAMA ABREVIAT 2023<\/a><\/p>\n\t\t\t\t\t\t\t\t\t<img loading=\"lazy\" decoding=\"async\" src=\"https:\/\/festivalbarruguet.com\/wp-content\/uploads\/2022\/03\/gorroa-festival-1.jpg\" alt=\"gorroa-festival\" itemprop=\"image\" height=\"399\" width=\"700\" srcset=\"https:\/\/festivalbarruguet.com\/wp-content\/uploads\/2022\/03\/gorroa-festival-1.jpg 700w, https:\/\/festivalbarruguet.com\/wp-content\/uploads\/2022\/03\/gorroa-festival-1-300x171.jpg 300w\" sizes=\"auto, (max-width: 700px) 100vw, 700px\" title=\"gorroa-festival\" onerror=\"this.style.display='none'\">\n\t<p>Enguany celebram la IX edici\u00f3 del Festival Barruguet amb tota la il\u00b7lusi\u00f3 perqu\u00e8 petits i grans tornem a viure la m\u00e0gia amb espectacles de primera qualitat. Per recordar aquesta gran festa de teatre, el barruguet regalar\u00e0 una gorra a tots els infants* que assisteixin als espectacles. (*Infants fins a 12 anys i fins a esgotar exist\u00e8ncies).<\/p>\n\t<p>GALERIA 2021<\/p>\n\t\t\t\t\t\t\t\t<a href=\"\/edicions-anteriors\/fotos-2021\/\" target=\"_self\" itemprop=\"url\" rel=\"noopener\">\n\t\t\t\t\t\t\t\t\t<img loading=\"lazy\" decoding=\"async\" src=\"https:\/\/festivalbarruguet.com\/wp-content\/uploads\/2022\/03\/fotos.png\" alt=\"fotos\" itemprop=\"image\" height=\"191\" width=\"232\" title=\"fotos\" onerror=\"this.style.display='none'\">\n\t\t\t\t\t\t\t\t\t\t\t\t\t<\/a>\n\t\t\t\t\t\t\t\t<a href=\"\/edicions-anteriors\/fotos-2021\/\" target=\"_self\" itemprop=\"url\" rel=\"noopener\">\n\t\t\t\t\t\t\t\t\t<img loading=\"lazy\" decoding=\"async\" src=\"https:\/\/festivalbarruguet.com\/wp-content\/uploads\/2025\/01\/EDICIONS-ANTERIORS-2024-web.jpg\" alt=\"collage-inici-2021\" itemprop=\"image\" height=\"543\" width=\"700\" srcset=\"https:\/\/festivalbarruguet.com\/wp-content\/uploads\/2025\/01\/EDICIONS-ANTERIORS-2024-web.jpg 700w, https:\/\/festivalbarruguet.com\/wp-content\/uploads\/2025\/01\/EDICIONS-ANTERIORS-2024-web-300x167.jpg 300w\" sizes=\"auto, (max-width: 700px) 100vw, 700px\" title=\"collage-inici-2021\" onerror=\"this.style.display='none'\">\n\t\t\t\t\t\t\t\t\t\t\t\t\t<\/a>\n\t<p>TESTIMONIS<\/p>\n\t\t\t\t\t\t\t<img decoding=\"async\" src=\"https:\/\/festivalbarruguet.com\/wp-content\/uploads\/2022\/03\/FOTO_TESTIMONI_VICTOR_POLO_XIP_XAP_TEATRE.jpg\" alt=\"FOTO_TESTIMONI_VICTOR_POLO_XIP_XAP_TEATRE\">\n\t\t\t\t\t\t\t\t\t\t\t\t\t\t\t\t\t\t\t<p>Estem esperant amb molta il\u00b7lusi\u00f3 el moment de pujar al vaixell que ens portar\u00e0 al Barruguet 2022! Fa ja molts anys que venim a Santa Eul\u00e0ria, on hem representat la majoria dels nostres espectacles i on sempre ens hem sentit molt ben acollits pel p\u00fablic. I hem vist amb satisfacci\u00f3 com ha anat creixent l&#8217;entusiasme de la gent de Santa Eul\u00e0ria pel teatre.<br>Esperem que gaudiu molt de l&#8217;espectacle que us presentarem enguany, Hamel\u00ed. Una pista: va de rates, ratotes i ratolins&#8230;<\/p>\n\t\t\t\t\t\t\t\t\t\t\t\t\t\t\t\t\t<h3>V\u00edctor (Xip Xap Teatre)<\/h3>\n\t\t\t\t\t\t\t<img decoding=\"async\" src=\"https:\/\/festivalbarruguet.com\/wp-content\/uploads\/2022\/04\/FOTO_FESTUC.jpg\" alt=\"FOTO_FESTUC\">\n\t\t\t\t\t\t\t\t\t\t\t\t\t\t\t\t\t\t\t<p>Sabem que al mes de maig el Festival Barruguet fa que Santa Eul\u00e0ria sigui m\u00e9s m\u00e0gica que mai i estem molts satisfets de poder aportar-hi encara m\u00e9s m\u00e0gia amb el nostre espectacle Adeu Peter Pan. El 2017 ja vam participar en el Barruguet i tenim moltes ganes de retrobar-nos amb el p\u00fablic de Santa Eul\u00e0ria, que ens podr\u00e0 acompanyar el dissabte 21 de maig en un entranyable viatge cap al Pa\u00eds de Mai M\u00e9s. Us hi esperem!<\/p>\n\t\t\t\t\t\t\t\t\t\t\t\t\t\t\t\t\t<h3>Pere P\u00e0mpols i Ingrid Teixid\u00f3 (Festuc Teatre)<\/h3>\n\t\t\t\t\t\t\t<img decoding=\"async\" src=\"https:\/\/festivalbarruguet.com\/wp-content\/uploads\/2022\/03\/0014_14-MARKELIN\u0303E_FOTO1.jpg\" alt=\"_0014_14 MARKELIN\u0303E_FOTO1\">\n\t\t\t\t\t\t\t\t\t\t\t\t\t\t\t\t\t\t\t<p>De tornada, 5 anys despr\u00e9s, al Festival Barruguet. Hi v\u00e0rem estar amb &#8220;La Isla Desconocida&#8221; al Palau de Congressos, immens per\u00f2 acollidor, i &#8220;Zoozoom&#8221;, al carrer, un espectacle participatiu, on el m\u00e9s petits varen poder ser titellaires per un dia. El Festival Barruguet ens va deixar aquella empremta i aquest bon gust de boca que fa augmentar les ganes de tornar. 5 anys despr\u00e9s tornam a l&#8217;illa amb un espectacle que transcorre en una illa, CRUSOE. Esperam que en gaudiu. Salutacions i ens veim a l&#8217;escena.<\/p>\n\t\t\t\t\t\t\t\t\t\t\t\t\t\t\t\t\t<h3>Companyia Markeli\u00f1e<\/h3>\n\t\t\t\t\t\t\t<img decoding=\"async\" src=\"https:\/\/festivalbarruguet.com\/wp-content\/uploads\/2022\/03\/Brutus.jpg\" alt=\"Brutus\">\n\t\t\t\t\t\t\t\t\t\t\t\t\t\t\t\t\t\t\t<p>Fins a les contrades del Pirineu ens ha arribat not\u00edcia del Festival Barruguet i&#8230; cap all\u00e0 que anem! Estem tan emocionats que fins i tot el nostre amic Brutus, un os bru simp\u00e0tic i juganer, ens ha volgut acompanyar. I cantant i jugant ens trobarem pels carrers de Santa Eul\u00e0ria. Esperem que aneu afinant les vostres veus per cantar junts perqu\u00e8 entre tots farem que el Barruguet d&#8217;enguany sigui ben musical i alegre. Fins aviat!<\/p>\n\t\t\t\t\t\t\t\t\t\t\t\t\t\t\t\t\t<h3> Companyia del Pr\u00edncep Totilau<\/h3>\n\t\t\t\t<!-- \/.pp-testimonials -->\n","protected":false},"excerpt":{"rendered":"<p>PROGRAMA 2023 PROGRAMA ABREVIAT 2023 Enguany celebram la IX edici\u00f3 del Festival Barruguet amb tota la il\u00b7lusi\u00f3 perqu\u00e8 petits i grans tornem a viure la m\u00e0gia amb espectacles de primera qualitat. Per recordar aquesta gran festa de teatre, el barruguet regalar\u00e0 una gorra a tots els infants* que assisteixin als espectacles. (*Infants fins a 12&hellip;<\/p>\n","protected":false},"author":1,"featured_media":0,"parent":0,"menu_order":0,"comment_status":"closed","ping_status":"closed","template":"","meta":{"footnotes":""},"folder":[],"class_list":["post-2730","page","type-page","status-publish","hentry"],"yoast_head":"<!-- This site is optimized with the Yoast SEO plugin v27.4 - https:\/\/yoast.com\/product\/yoast-seo-wordpress\/ -->\n<title>2022 - Festival Barruguet<\/title>\n<meta name=\"description\" content=\"El Festival Barruguet de Teatre Familiar se celebra cada any a Santa Eul\u00e0ria des Riu (Eivissa). Tres dies de cultura, m\u00e0gia i diversi\u00f3.\" \/>\n<meta name=\"robots\" content=\"index, follow, max-snippet:-1, max-image-preview:large, max-video-preview:-1\" \/>\n<link rel=\"canonical\" href=\"https:\/\/festivalbarruguet.com\/ca\/\" \/>\n<meta property=\"og:locale\" content=\"ca_ES\" \/>\n<meta property=\"og:type\" content=\"article\" \/>\n<meta property=\"og:title\" content=\"2022 - Festival Barruguet\" \/>\n<meta property=\"og:description\" content=\"El Festival Barruguet de Teatre Familiar se celebra cada any a Santa Eul\u00e0ria des Riu (Eivissa). Tres dies de cultura, m\u00e0gia i diversi\u00f3.\" \/>\n<meta property=\"og:url\" content=\"https:\/\/festivalbarruguet.com\/ca\/\" \/>\n<meta property=\"og:site_name\" content=\"Festival Barruguet\" \/>\n<meta property=\"article:modified_time\" content=\"2025-01-18T16:36:02+00:00\" \/>\n<meta property=\"og:image\" content=\"https:\/\/festivalbarruguet.com\/wp-content\/uploads\/2022\/03\/0001_Capa-1.png\" \/>\n<meta name=\"twitter:card\" content=\"summary_large_image\" \/>\n<meta name=\"twitter:label1\" content=\"Temps estimat de lectura\" \/>\n\t<meta name=\"twitter:data1\" content=\"4 minuts\" \/>\n<script type=\"application\/ld+json\" class=\"yoast-schema-graph\">{\"@context\":\"https:\\\/\\\/schema.org\",\"@graph\":[{\"@type\":\"WebPage\",\"@id\":\"https:\\\/\\\/festivalbarruguet.com\\\/ca\\\/\",\"url\":\"https:\\\/\\\/festivalbarruguet.com\\\/ca\\\/\",\"name\":\"2022 - Festival Barruguet\",\"isPartOf\":{\"@id\":\"https:\\\/\\\/festivalbarruguet.com\\\/ca\\\/#website\"},\"primaryImageOfPage\":{\"@id\":\"https:\\\/\\\/festivalbarruguet.com\\\/ca\\\/#primaryimage\"},\"image\":{\"@id\":\"https:\\\/\\\/festivalbarruguet.com\\\/ca\\\/#primaryimage\"},\"thumbnailUrl\":\"https:\\\/\\\/festivalbarruguet.com\\\/wp-content\\\/uploads\\\/2022\\\/03\\\/0001_Capa-1.png\",\"datePublished\":\"2023-04-14T19:06:49+00:00\",\"dateModified\":\"2025-01-18T16:36:02+00:00\",\"description\":\"El Festival Barruguet de Teatre Familiar se celebra cada any a Santa Eul\u00e0ria des Riu (Eivissa). Tres dies de cultura, m\u00e0gia i diversi\u00f3.\",\"breadcrumb\":{\"@id\":\"https:\\\/\\\/festivalbarruguet.com\\\/ca\\\/#breadcrumb\"},\"inLanguage\":\"ca\",\"potentialAction\":[{\"@type\":\"ReadAction\",\"target\":[\"https:\\\/\\\/festivalbarruguet.com\\\/ca\\\/\"]}]},{\"@type\":\"ImageObject\",\"inLanguage\":\"ca\",\"@id\":\"https:\\\/\\\/festivalbarruguet.com\\\/ca\\\/#primaryimage\",\"url\":\"https:\\\/\\\/festivalbarruguet.com\\\/wp-content\\\/uploads\\\/2022\\\/03\\\/0001_Capa-1.png\",\"contentUrl\":\"https:\\\/\\\/festivalbarruguet.com\\\/wp-content\\\/uploads\\\/2022\\\/03\\\/0001_Capa-1.png\"},{\"@type\":\"BreadcrumbList\",\"@id\":\"https:\\\/\\\/festivalbarruguet.com\\\/ca\\\/#breadcrumb\",\"itemListElement\":[{\"@type\":\"ListItem\",\"position\":1,\"name\":\"Inici\",\"item\":\"https:\\\/\\\/festivalbarruguet.com\\\/ca\\\/\"},{\"@type\":\"ListItem\",\"position\":2,\"name\":\"Preparant 2023\"}]},{\"@type\":\"WebSite\",\"@id\":\"https:\\\/\\\/festivalbarruguet.com\\\/ca\\\/#website\",\"url\":\"https:\\\/\\\/festivalbarruguet.com\\\/ca\\\/\",\"name\":\"Festival Barruguet\",\"description\":\"Festival de Teatre Familiar a Santa Eul\u00e0ria des Riu\",\"potentialAction\":[{\"@type\":\"SearchAction\",\"target\":{\"@type\":\"EntryPoint\",\"urlTemplate\":\"https:\\\/\\\/festivalbarruguet.com\\\/ca\\\/?s={search_term_string}\"},\"query-input\":{\"@type\":\"PropertyValueSpecification\",\"valueRequired\":true,\"valueName\":\"search_term_string\"}}],\"inLanguage\":\"ca\"}]}<\/script>\n<!-- \/ Yoast SEO plugin. -->","yoast_head_json":{"title":"2022 - Festival Barruguet","description":"El Festival Barruguet de Teatre Familiar se celebra cada any a Santa Eul\u00e0ria des Riu (Eivissa). Tres dies de cultura, m\u00e0gia i diversi\u00f3.","robots":{"index":"index","follow":"follow","max-snippet":"max-snippet:-1","max-image-preview":"max-image-preview:large","max-video-preview":"max-video-preview:-1"},"canonical":"https:\/\/festivalbarruguet.com\/ca\/","og_locale":"ca_ES","og_type":"article","og_title":"2022 - Festival Barruguet","og_description":"El Festival Barruguet de Teatre Familiar se celebra cada any a Santa Eul\u00e0ria des Riu (Eivissa). Tres dies de cultura, m\u00e0gia i diversi\u00f3.","og_url":"https:\/\/festivalbarruguet.com\/ca\/","og_site_name":"Festival Barruguet","article_modified_time":"2025-01-18T16:36:02+00:00","og_image":[{"url":"https:\/\/festivalbarruguet.com\/wp-content\/uploads\/2022\/03\/0001_Capa-1.png","type":"","width":"","height":""}],"twitter_card":"summary_large_image","twitter_misc":{"Temps estimat de lectura":"4 minuts"},"schema":{"@context":"https:\/\/schema.org","@graph":[{"@type":"WebPage","@id":"https:\/\/festivalbarruguet.com\/ca\/","url":"https:\/\/festivalbarruguet.com\/ca\/","name":"2022 - Festival Barruguet","isPartOf":{"@id":"https:\/\/festivalbarruguet.com\/ca\/#website"},"primaryImageOfPage":{"@id":"https:\/\/festivalbarruguet.com\/ca\/#primaryimage"},"image":{"@id":"https:\/\/festivalbarruguet.com\/ca\/#primaryimage"},"thumbnailUrl":"https:\/\/festivalbarruguet.com\/wp-content\/uploads\/2022\/03\/0001_Capa-1.png","datePublished":"2023-04-14T19:06:49+00:00","dateModified":"2025-01-18T16:36:02+00:00","description":"El Festival Barruguet de Teatre Familiar se celebra cada any a Santa Eul\u00e0ria des Riu (Eivissa). Tres dies de cultura, m\u00e0gia i diversi\u00f3.","breadcrumb":{"@id":"https:\/\/festivalbarruguet.com\/ca\/#breadcrumb"},"inLanguage":"ca","potentialAction":[{"@type":"ReadAction","target":["https:\/\/festivalbarruguet.com\/ca\/"]}]},{"@type":"ImageObject","inLanguage":"ca","@id":"https:\/\/festivalbarruguet.com\/ca\/#primaryimage","url":"https:\/\/festivalbarruguet.com\/wp-content\/uploads\/2022\/03\/0001_Capa-1.png","contentUrl":"https:\/\/festivalbarruguet.com\/wp-content\/uploads\/2022\/03\/0001_Capa-1.png"},{"@type":"BreadcrumbList","@id":"https:\/\/festivalbarruguet.com\/ca\/#breadcrumb","itemListElement":[{"@type":"ListItem","position":1,"name":"Inici","item":"https:\/\/festivalbarruguet.com\/ca\/"},{"@type":"ListItem","position":2,"name":"Preparant 2023"}]},{"@type":"WebSite","@id":"https:\/\/festivalbarruguet.com\/ca\/#website","url":"https:\/\/festivalbarruguet.com\/ca\/","name":"Festival Barruguet","description":"Festival de Teatre Familiar a Santa Eul\u00e0ria des Riu","potentialAction":[{"@type":"SearchAction","target":{"@type":"EntryPoint","urlTemplate":"https:\/\/festivalbarruguet.com\/ca\/?s={search_term_string}"},"query-input":{"@type":"PropertyValueSpecification","valueRequired":true,"valueName":"search_term_string"}}],"inLanguage":"ca"}]}},"_links":{"self":[{"href":"https:\/\/festivalbarruguet.com\/ca\/wp-json\/wp\/v2\/pages\/2730","targetHints":{"allow":["GET"]}}],"collection":[{"href":"https:\/\/festivalbarruguet.com\/ca\/wp-json\/wp\/v2\/pages"}],"about":[{"href":"https:\/\/festivalbarruguet.com\/ca\/wp-json\/wp\/v2\/types\/page"}],"author":[{"embeddable":true,"href":"https:\/\/festivalbarruguet.com\/ca\/wp-json\/wp\/v2\/users\/1"}],"replies":[{"embeddable":true,"href":"https:\/\/festivalbarruguet.com\/ca\/wp-json\/wp\/v2\/comments?post=2730"}],"version-history":[{"count":2,"href":"https:\/\/festivalbarruguet.com\/ca\/wp-json\/wp\/v2\/pages\/2730\/revisions"}],"predecessor-version":[{"id":3411,"href":"https:\/\/festivalbarruguet.com\/ca\/wp-json\/wp\/v2\/pages\/2730\/revisions\/3411"}],"wp:attachment":[{"href":"https:\/\/festivalbarruguet.com\/ca\/wp-json\/wp\/v2\/media?parent=2730"}],"wp:term":[{"taxonomy":"folder","embeddable":true,"href":"https:\/\/festivalbarruguet.com\/ca\/wp-json\/wp\/v2\/folder?post=2730"}],"curies":[{"name":"wp","href":"https:\/\/api.w.org\/{rel}","templated":true}]}}